{"id":371,"date":"2017-12-08T12:45:11","date_gmt":"2017-12-08T10:45:11","guid":{"rendered":"http:\/\/vandiepenbeeck.info\/?page_id=371"},"modified":"2017-12-08T14:26:28","modified_gmt":"2017-12-08T12:26:28","slug":"leclipse-du-11-aout-1999","status":"publish","type":"page","link":"http:\/\/vandiepenbeeck.info\/index.php\/astronomie\/leclipse-du-11-aout-1999\/","title":{"rendered":"L&rsquo;\u00e9clipse du 11 ao\u00fbt 1999"},"content":{"rendered":"<p align=\"center\"><span style=\"color: #ff0000; font-size: large;\">L&rsquo;\u00e9clipse \u00e9clips\u00e9e par des nuages<\/span><\/p>\n<p>Nous sommes all\u00e9s contempler l&rsquo;\u00e9clipse du 11 ao\u00fbt dans un petit village des Ardennes fran\u00e7aises : Le Chatelet-sur-Retourne. Il est situ\u00e9 entre Rethel et Reims.<\/p>\n<p>Voici, pour ce lieu, les diff\u00e9rents moments de l&rsquo;\u00e9clipse calcul\u00e9s\u00a0 :<\/p>\n<p>Premier contact ext\u00e9rieur : 9<sup>h<\/sup> 6<sup>m<\/sup> 58<sup>s<br \/>\n<\/sup>Premier contact int\u00e9rieur : 10<sup>h<\/sup> 24<sup>m<\/sup> 55<sup>s<\/sup><br \/>\nMaximum \u00e9clipse totale ! : 10<sup>h<\/sup> 26<sup>m<\/sup> 1<sup>s<br \/>\n<\/sup>Dernier contact int\u00e9rieur : 10<sup>h<\/sup> 27<sup>m<\/sup> 7<sup>s<\/sup> <sup><br \/>\n<\/sup>Dernier contact ext\u00e9rieur : 11<sup>h<\/sup> 48<sup>m<\/sup> 14<sup>s<\/sup> <sup><br \/>\n<\/sup>Les heures sont donn\u00e9es en TU (Temps Universel). Pour avoir les heures en temps local, il faut ajouter 2 heures.<\/p>\n<p><span style=\"font-size: x-large;\"><u>Les conditions m\u00e9t\u00e9orologiques<\/u><\/span><\/p>\n<p><span style=\"font-size: medium;\">Lors de l&rsquo;\u00e9clipse, le temps \u00e9tait tr\u00e8s nuageux. Quelques rares \u00e9claircies ont permis de voir la progression de la Lune devant le Soleil. <\/span><span style=\"font-size: medium;\">Ces photos montrent la progression du c\u00f4ne d&rsquo;ombre sur la Terre.<\/span><\/p>\n<p><span style=\"font-size: medium;\">Malheureusement pour nous, un gros nuage est venu s&rsquo;interposer entre le couple Soleil &#8211; Lune au moment m\u00eame de la totalit\u00e9.<\/span><\/p>\n<p><span style=\"font-size: medium;\">Les seuls clich\u00e9s qui ont \u00e9t\u00e9 r\u00e9ussi nous montrent un faible croissant de Soleil. Ils ont \u00e9t\u00e9 pris quelques minutes avant la totalit\u00e9. Les deux premiers montrent le croissant de Soleil au travers d&rsquo;une couche de nuages de plus en plus \u00e9paisse. On peut difficilement voir ce croissant sur le troisi\u00e8me. En revanche, il permet de voir une belle irisation des cirrus<\/span><\/p>\n<div align=\"center\">\n<p>&nbsp;<\/p>\n<table border=\"0\">\n<tbody>\n<tr>\n<td><a href=\"http:\/\/home.scarlet.be\/marc.vandiepenbe\/eclipse\/eclipse1.JPG\"><span style=\"font-size: medium;\">Photo 1<\/span><\/a><\/td>\n<td><\/td>\n<td><a href=\"http:\/\/home.scarlet.be\/marc.vandiepenbe\/eclipse\/eclipse2.JPG\"><span style=\"font-size: medium;\">Photo 2<\/span><\/a><\/td>\n<td><\/td>\n<td><a href=\"http:\/\/home.scarlet.be\/marc.vandiepenbe\/eclipse\/eclipse3.JPG\"><span style=\"font-size: medium;\">Photo 3<\/span><\/a><\/td>\n<\/tr>\n<\/tbody>\n<\/table>\n<p>&nbsp;<\/p>\n<\/div>\n<p><span style=\"font-size: medium;\">L&rsquo;obscurcissement de l&rsquo;environnement a \u00e9t\u00e9 remarquable. Pour le mettre en \u00e9vidence, j&rsquo;ai pris un clich\u00e9 \u00e0 11 heures. Ensuite, en fixant l&rsquo;ouverture et la vitesse d&rsquo;obturation, mon fils a pris un clich\u00e9 du m\u00eame paysage toutes les dix minutes. La variation de luminosit\u00e9 avant midi est plut\u00f4t due \u00e0 l&rsquo;alternance de passage nuageux et de petites \u00e9claircies. Apr\u00e8s 12h la baisse de luminosit\u00e9 due au passage de la Lune devant le Soleil devient plus nette. Le dernier clich\u00e9 est pris trente secondes avant la totalit\u00e9 et montre l&rsquo;arriv\u00e9e du c\u00f4ne d&rsquo;ombre \u00e0 l&rsquo;horizon.<\/span><\/p>\n<p align=\"center\"><span style=\"font-size: medium;\">La <\/span><a href=\"http:\/\/home.scarlet.be\/marc.vandiepenbe\/eclipse\/lobscurc.htm\" target=\"_top\"><span style=\"font-size: medium;\">page suivante<\/span><\/a><span style=\"font-size: medium;\"> montre l&rsquo;obscurcissement du paysage et l&rsquo;apparition du c\u00f4ne d&rsquo;ombre de la Lune.<\/span><\/p>\n<p>Mais des coll\u00e8gues ont pu observer la totalit\u00e9 de l&rsquo;\u00e9clipse. Les photos sont pr\u00e9sent\u00e9s dans la <a href=\"http:\/\/home.scarlet.be\/marc.vandiepenbe\/eclipse\/saarlouis.htm\" target=\"_top\">page suivante<\/a><\/p>\n<p>Si vous avez une remarque, un commentaire, une question, envoyez-moi un mail \u00e0 l&rsquo;adresse <a href=\"mailto:marc.vandiepenbeeck@tvd.be\">marc.vandiepenbeeck@tvd.be<\/a>.<\/p>\n<p>&nbsp;<\/p>\n<p>&nbsp;<\/p>\n","protected":false},"excerpt":{"rendered":"<p>L&rsquo;\u00e9clipse \u00e9clips\u00e9e par des nuages Nous sommes all\u00e9s contempler l&rsquo;\u00e9clipse du 11 ao\u00fbt dans un petit village des Ardennes fran\u00e7aises : Le Chatelet-sur-Retourne. Il est situ\u00e9 entre Rethel et Reims. Voici, pour ce lieu, les diff\u00e9rents moments de l&rsquo;\u00e9clipse calcul\u00e9s\u00a0 : Premier contact ext\u00e9rieur : 9h 6m 58s Premier contact int\u00e9rieur : 10h 24m 55s [&hellip;]<\/p>\n","protected":false},"author":1,"featured_media":0,"parent":296,"menu_order":0,"comment_status":"closed","ping_status":"closed","template":"","meta":{"_uag_custom_page_level_css":"","footnotes":""},"class_list":["post-371","page","type-page","status-publish","hentry"],"uagb_featured_image_src":{"full":false,"thumbnail":false,"medium":false,"medium_large":false,"large":false,"1536x1536":false,"2048x2048":false},"uagb_author_info":{"display_name":"mvdpb","author_link":"http:\/\/vandiepenbeeck.info\/index.php\/author\/mvdpb\/"},"uagb_comment_info":0,"uagb_excerpt":"L&rsquo;\u00e9clipse \u00e9clips\u00e9e par des nuages Nous sommes all\u00e9s contempler l&rsquo;\u00e9clipse du 11 ao\u00fbt dans un petit village des Ardennes fran\u00e7aises : Le Chatelet-sur-Retourne. Il est situ\u00e9 entre Rethel et Reims. Voici, pour ce lieu, les diff\u00e9rents moments de l&rsquo;\u00e9clipse calcul\u00e9s\u00a0 : Premier contact ext\u00e9rieur : 9h 6m 58s Premier contact int\u00e9rieur : 10h 24m 55s\u2026","jetpack_sharing_enabled":true,"_links":{"self":[{"href":"http:\/\/vandiepenbeeck.info\/index.php\/wp-json\/wp\/v2\/pages\/371","targetHints":{"allow":["GET"]}}],"collection":[{"href":"http:\/\/vandiepenbeeck.info\/index.php\/wp-json\/wp\/v2\/pages"}],"about":[{"href":"http:\/\/vandiepenbeeck.info\/index.php\/wp-json\/wp\/v2\/types\/page"}],"author":[{"embeddable":true,"href":"http:\/\/vandiepenbeeck.info\/index.php\/wp-json\/wp\/v2\/users\/1"}],"replies":[{"embeddable":true,"href":"http:\/\/vandiepenbeeck.info\/index.php\/wp-json\/wp\/v2\/comments?post=371"}],"version-history":[{"count":2,"href":"http:\/\/vandiepenbeeck.info\/index.php\/wp-json\/wp\/v2\/pages\/371\/revisions"}],"predecessor-version":[{"id":413,"href":"http:\/\/vandiepenbeeck.info\/index.php\/wp-json\/wp\/v2\/pages\/371\/revisions\/413"}],"up":[{"embeddable":true,"href":"http:\/\/vandiepenbeeck.info\/index.php\/wp-json\/wp\/v2\/pages\/296"}],"wp:attachment":[{"href":"http:\/\/vandiepenbeeck.info\/index.php\/wp-json\/wp\/v2\/media?parent=371"}],"curies":[{"name":"wp","href":"https:\/\/api.w.org\/{rel}","templated":true}]}}